{"id":2106,"date":"2017-10-11T16:40:47","date_gmt":"2017-10-11T14:40:47","guid":{"rendered":"http:\/\/arheo.ffzg.unizg.hr\/provincijalna\/?page_id=2106"},"modified":"2017-10-12T17:24:28","modified_gmt":"2017-10-12T15:24:28","slug":"triljski-kraj-arheoloski-raj","status":"publish","type":"page","link":"https:\/\/arheo.ffzg.unizg.hr\/provincijalna\/?page_id=2106","title":{"rendered":"Triljski kraj = arheolo\u0161ki raj!"},"content":{"rendered":"<p><a href=\"http:\/\/www.ferata.hr\/predstavljanje-projekta-triljski-kraj-arheoloski-raj-i-predavanje-pogrebni-obicaji-u-rimskom-svijetu\/\" target=\"_blank\" rel=\"noopener\"><strong><span style=\"color: #ff0000;\">\u201eTriljski kraj = arheolo\u0161ki raj! Upoznajmo arheolo\u0161ku ba\u0161tinu svoga kraja\u201c<\/span> <\/strong><\/a><\/p>\n<p><strong><span style=\"color: #333300;\">Ministarstvo znanosti i obrazovanja Republike Hrvatske &#8211; Program popularizacije znanosti u 2017. godini<\/span><\/strong><\/p>\n<p>Voditeljica programa: dr. sc. Zrinka \u0160imi\u0107-Kanaet<\/p>\n<p>Suradnice: dr. sc. Iva Kai\u0107, dr. sc. Vinka Matijevi\u0107, mag. archaeol. Mirna Vukov (Odsjek za arheologiju Filozofskog fakulteta Sveu\u010dili\u0161ta u Zagrebu)<\/p>\n<p>Suorganizator: MUZEJ TRILJSKOG KRAJA\u00a0 (kustosica Mara Radan)<\/p>\n<p>&nbsp;<\/p>\n<p>Od 1997. god. Odsjek za arheologiju Filozofskog fakulteta Sveu\u010dili\u0161ta u Zagrebu pod vodstvom dr. sc. Mirjane Sanader, red. prof., na arheolo\u0161kom nalazi\u0161tu rimskog legijskog logora Tilurij vr\u0161i sustavna istra\u017eivanjima. Nalazi\u0161te se nalazi na prostoru dana\u0161njeg sela Gardun smje\u0161tenog povi\u0161e grada Trilja. Taj je arheolo\u0161ki lokalitet od 1980. god. upisan u Registar nepokretnih spomenika kulture Regionalnog zavoda za za\u0161titu spomenika kulture u Splitu pod rednim brojem 959. Tijekom dvadeset godina arheolo\u0161kih istra\u017eivanja, koja se vr\u0161e od 1997. godine, na svjetlo dana do\u0161li su brojni vrlo va\u017eni spomenici: upe\u010datljive vojne gra\u0111evine i izvanredno velik broj pokretnih spomenika. Ta su istra\u017eivanja iznjedrila vi\u0161e monografija i brojne znanstvene radove kao i magistarske radove i doktorske disertacije. Zahvaljuju\u0107i dosada\u0161njim istra\u017eivanjima i objavama, legijski logor Tilurij zauzeo je va\u017eno mjesto u svjetskoj arheolo\u0161koj topografiji rimskih legijskih logora. U smislu arheolo\u0161ke ba\u0161tine, grad Trilj je najpoznatiji upravo po rimskom legijskom logoru Tiluriju.<\/p>\n<p>Osim znanstvene prepoznatljivosti istra\u017eivanja legijskog logora Tilurija, istra\u017eiva\u010di su sustavno radili i na popularizaciji rezultata istra\u017eivanja u \u017eelji da s njima bude upoznati ne samo znanstvenici u Hrvatskoj i inozemstvu,\u00a0 ve\u0107 i \u0161iroka javnost, s posebnim naglaskom na lokalnu zajednicu. Naime, od presudne je va\u017enosti za budu\u0107nost arheolo\u0161kih istra\u017eivanja, ali i za odr\u017eavanje arheolo\u0161kog lokaliteta, da lokalna zajednica bude upoznata sa zna\u010dajem arheolo\u0161kog lokaliteta Tilurija. Kroz sustavnu popularizaciju arheolo\u0161kih istra\u017eivanja, prvenstveno usmjerenu na mlade (osnovno\u0161kolsku populaciju triljskog kraja), ovaj program osmislio je radionice kojima se planira na jednostavan i zanimljiv na\u010din mladima triljskog kraja pribli\u017eiti njihova arheolo\u0161ka ba\u0161tina.<\/p>\n<p><strong>Opis programa<\/strong><\/p>\n<p>U sklopu kulturno-sportske manifestacije<a href=\"http:\/\/www.trilj.hr\/wp-content\/uploads\/2017\/09\/Dani-Sv.Mihovila-2017..pdf\" target=\"_blank\" rel=\"noopener\"> <em>Dani svetog Mihovila (16.-29. rujna 2017.) <\/em><\/a>odr\u017eane su tri radionice o rimskom legijskom logoru Tiluriju i o trenuta\u010dnim znanstvenim spoznajama proiza\u0161lim iz znanstvenih i arheolo\u0161kih istra\u017eivanja.<\/p>\n<p>Radionice su odr\u017eane u Osnovnoj \u0161koli Trilj, te u podru\u010dnim \u0161kolama\u00a0 <span class=\"st\">\u010caporice, Ugljane, Jabuka i Vedrine<em>. <\/em><\/span><\/p>\n<p>Prva radionica nazvana <strong>&#8220;Hrabri \u017eabac Tilurijanus Krektus vodi vas u rimski logor Tilurij&#8221;<\/strong>, osmi\u0161ljena je kako bi se djeca upoznala sa \u017eivotom rimskih vojnika u legijskom logoru Tiluriju. Rimski vojnici &#8211; legionari djeci su predstavljeni kroz crtani lik Tilurijana Krekta, \u017eapca-legionara. Naime, Tilurijan Krekto (<em>Tilurianus Crectus<\/em>) je zami\u0161ljen kao crtani lik koji u sebi spaja dva prepoznatljiva simbola grada Trilja &#8211; \u017eabe, koje su poznati triljski gastronomski specijalitet, te rimskog vojnika, koji simbolizira rimski legijski logor Tilurij kod Trilja. Simpati\u010dan crtani lik osmi\u0161ljen je kao dio vizualnog identiteta arheolo\u0161kog lokaliteta Tilurij, kroz koji se na neposredan i jednostavan na\u010din \u017eele spojiti triljska arheolo\u0161ka i tradicijska ba\u0161tina na na\u010din koji je prikladan za djecu i mlade. Tilurijanus Krektus \u0107e omogu\u0107iti popularnu i djeci prikladnu interpretaciju jednog arheolo\u0161kog nalazi\u0161ta. U sklopu radionice planirana je nagradna igra u sklopu koje su djeca osvojila majice s otisnutom slikom \u017eapca-legionara.<\/p>\n<p>Druga radionica nazvana je \u201e<strong>Arheolo\u0161ka ba\u0161tina pod mikroskopom\u201c. <\/strong>Na njoj smo djeci prikazali sitni arheolo\u0161ki materijal koji je prona\u0111en na arheolo\u0161kim iskopavanjima legijskog logora Tilurija. Od nekad \u010ditavih posuda od stakla i keramike sad su nam preostali samo razlomljeni komadi\u0107i. Ti se komadi\u0107i moraju spojiti i slijepiti da bismo dobili posudu kakva je nekad bila. Da bismo to to\u010dno napravili pogledat \u0107emo ih kroz mikroskop. Djeca su na radionici prou\u010davala\u00a0 ulomke keramike uz pomo\u0107 digitalnog USB mikroskopa Dino-Lite te su zatim iz glinamola oblikovala kerami\u010dke posude.<\/p>\n<p>Tre\u0107a radionica nazvana je <strong>\u201e\u0160to je nosio rimski vojnik?\u201c<\/strong>, a na njoj su djeci prikazani dijelovi rimske vojne opreme. U sklopu radionice djeca su igrala edukativne igre.<\/p>\n<p>U Muzeju Triljskog kraja dr. sc. Vinka Matijevi\u0107 odr\u017eala je znanstveno-popularno predavanje pod naslovom <em>\u201ePogrebni obi\u010daji u rimskom svijetu\u201c.<\/em><\/p>\n<p><strong>Cilj programa<\/strong><\/p>\n<p>Cilj programa jest popularizacija znanstvenih istra\u017eivanja legijskog logora Tilurija me\u0111u lokalnom zajednicom, a posebno omladinom Triljskog kraja, koju \u0107e istra\u017eiva\u010di nastojati upoznati sa najva\u017enijim spoznajama o rimskoj vojsci u logoru Tiluriju. Pritom \u0107e naglasak biti ne samo na znanstvenim spoznajama, ve\u0107 i na mogu\u0107nostima koje lokalitet Tilurij pru\u017ea u vidu kulturnog turizma, \u010dime se mo\u017ee osna\u017eiti ekonomski aspekt lokalne zajednice, te omogu\u0107iti mladima da budu\u0107e izvore zapo\u0161ljavanja potra\u017ee u iskoristivosti Tilurija u turisti\u010dke svrhe.<\/p>\n<div id='gallery-1' class='gallery galleryid-2106 gallery-columns-3 gallery-size-thumbnail'><dl class='gallery-item'>\n\t\t\t<dt class='gallery-icon portrait'>\n\t\t\t\t<a href='https:\/\/arheo.ffzg.unizg.hr\/provincijalna\/?attachment_id=2129'><img loading=\"lazy\" decoding=\"async\" width=\"150\" height=\"150\" src=\"https:\/\/arheo.ffzg.unizg.hr\/provincijalna\/wp-content\/uploads\/2017\/10\/IMG-20170927-WA0096-150x150.jpg\" class=\"attachment-thumbnail size-thumbnail\" alt=\"\" \/><\/a>\n\t\t\t<\/dt><\/dl><dl class='gallery-item'>\n\t\t\t<dt class='gallery-icon landscape'>\n\t\t\t\t<a href='https:\/\/arheo.ffzg.unizg.hr\/provincijalna\/?attachment_id=2128'><img loading=\"lazy\" decoding=\"async\" width=\"150\" height=\"150\" src=\"https:\/\/arheo.ffzg.unizg.hr\/provincijalna\/wp-content\/uploads\/2017\/10\/IMG-20170927-WA0095-150x150.jpg\" class=\"attachment-thumbnail size-thumbnail\" alt=\"\" \/><\/a>\n\t\t\t<\/dt><\/dl><dl class='gallery-item'>\n\t\t\t<dt class='gallery-icon landscape'>\n\t\t\t\t<a href='https:\/\/arheo.ffzg.unizg.hr\/provincijalna\/?attachment_id=2127'><img loading=\"lazy\" decoding=\"async\" width=\"150\" height=\"150\" src=\"https:\/\/arheo.ffzg.unizg.hr\/provincijalna\/wp-content\/uploads\/2017\/10\/IMG-20170927-WA0093-150x150.jpg\" class=\"attachment-thumbnail size-thumbnail\" alt=\"\" \/><\/a>\n\t\t\t<\/dt><\/dl><br style=\"clear: both\" \/><dl class='gallery-item'>\n\t\t\t<dt class='gallery-icon landscape'>\n\t\t\t\t<a href='https:\/\/arheo.ffzg.unizg.hr\/provincijalna\/?attachment_id=2126'><img loading=\"lazy\" decoding=\"async\" width=\"150\" height=\"150\" src=\"https:\/\/arheo.ffzg.unizg.hr\/provincijalna\/wp-content\/uploads\/2017\/10\/IMG-20170927-WA0091-150x150.jpg\" class=\"attachment-thumbnail size-thumbnail\" alt=\"\" \/><\/a>\n\t\t\t<\/dt><\/dl><dl class='gallery-item'>\n\t\t\t<dt class='gallery-icon landscape'>\n\t\t\t\t<a href='https:\/\/arheo.ffzg.unizg.hr\/provincijalna\/?attachment_id=2125'><img loading=\"lazy\" decoding=\"async\" width=\"150\" height=\"150\" src=\"https:\/\/arheo.ffzg.unizg.hr\/provincijalna\/wp-content\/uploads\/2017\/10\/IMG-20170927-WA0076-1-150x150.jpg\" class=\"attachment-thumbnail size-thumbnail\" alt=\"\" \/><\/a>\n\t\t\t<\/dt><\/dl><dl class='gallery-item'>\n\t\t\t<dt class='gallery-icon landscape'>\n\t\t\t\t<a href='https:\/\/arheo.ffzg.unizg.hr\/provincijalna\/?attachment_id=2122'><img loading=\"lazy\" decoding=\"async\" width=\"150\" height=\"150\" src=\"https:\/\/arheo.ffzg.unizg.hr\/provincijalna\/wp-content\/uploads\/2017\/10\/IMG-20170927-WA0033-1-150x150.jpg\" class=\"attachment-thumbnail size-thumbnail\" alt=\"\" \/><\/a>\n\t\t\t<\/dt><\/dl><br style=\"clear: both\" \/><dl class='gallery-item'>\n\t\t\t<dt class='gallery-icon landscape'>\n\t\t\t\t<a href='https:\/\/arheo.ffzg.unizg.hr\/provincijalna\/?attachment_id=2120'><img loading=\"lazy\" decoding=\"async\" width=\"150\" height=\"150\" src=\"https:\/\/arheo.ffzg.unizg.hr\/provincijalna\/wp-content\/uploads\/2017\/10\/IMG-20170927-WA0029-1-150x150.jpg\" class=\"attachment-thumbnail size-thumbnail\" alt=\"\" \/><\/a>\n\t\t\t<\/dt><\/dl><dl class='gallery-item'>\n\t\t\t<dt class='gallery-icon landscape'>\n\t\t\t\t<a href='https:\/\/arheo.ffzg.unizg.hr\/provincijalna\/?attachment_id=2121'><img loading=\"lazy\" decoding=\"async\" width=\"150\" height=\"150\" src=\"https:\/\/arheo.ffzg.unizg.hr\/provincijalna\/wp-content\/uploads\/2017\/10\/IMG-20170927-WA0031-1-150x150.jpg\" class=\"attachment-thumbnail size-thumbnail\" alt=\"\" \/><\/a>\n\t\t\t<\/dt><\/dl><dl class='gallery-item'>\n\t\t\t<dt class='gallery-icon landscape'>\n\t\t\t\t<a href='https:\/\/arheo.ffzg.unizg.hr\/provincijalna\/?attachment_id=2118'><img loading=\"lazy\" decoding=\"async\" width=\"150\" height=\"150\" src=\"https:\/\/arheo.ffzg.unizg.hr\/provincijalna\/wp-content\/uploads\/2017\/10\/IMG-20170927-WA0004-1-150x150.jpg\" class=\"attachment-thumbnail size-thumbnail\" alt=\"\" \/><\/a>\n\t\t\t<\/dt><\/dl><br style=\"clear: both\" \/><dl class='gallery-item'>\n\t\t\t<dt class='gallery-icon landscape'>\n\t\t\t\t<a href='https:\/\/arheo.ffzg.unizg.hr\/provincijalna\/?attachment_id=2117'><img loading=\"lazy\" decoding=\"async\" width=\"150\" height=\"150\" src=\"https:\/\/arheo.ffzg.unizg.hr\/provincijalna\/wp-content\/uploads\/2017\/10\/IMG-20170927-WA0002-1-150x150.jpg\" class=\"attachment-thumbnail size-thumbnail\" alt=\"\" \/><\/a>\n\t\t\t<\/dt><\/dl><dl class='gallery-item'>\n\t\t\t<dt class='gallery-icon landscape'>\n\t\t\t\t<a href='https:\/\/arheo.ffzg.unizg.hr\/provincijalna\/?attachment_id=2115'><img loading=\"lazy\" decoding=\"async\" width=\"150\" height=\"150\" src=\"https:\/\/arheo.ffzg.unizg.hr\/provincijalna\/wp-content\/uploads\/2017\/10\/IMG-20170927-WA0051-150x150.jpg\" class=\"attachment-thumbnail size-thumbnail\" alt=\"\" \/><\/a>\n\t\t\t<\/dt><\/dl><dl class='gallery-item'>\n\t\t\t<dt class='gallery-icon landscape'>\n\t\t\t\t<a href='https:\/\/arheo.ffzg.unizg.hr\/provincijalna\/?attachment_id=2142'><img loading=\"lazy\" decoding=\"async\" width=\"150\" height=\"150\" src=\"https:\/\/arheo.ffzg.unizg.hr\/provincijalna\/wp-content\/uploads\/2017\/10\/14-150x150.jpg\" class=\"attachment-thumbnail size-thumbnail\" alt=\"\" \/><\/a>\n\t\t\t<\/dt><\/dl><br style=\"clear: both\" \/>\n\t\t<\/div>\n\n<p><img loading=\"lazy\" decoding=\"async\" class=\"wp-image-2135 aligncenter\" src=\"https:\/\/arheo.ffzg.unizg.hr\/provincijalna\/wp-content\/uploads\/2017\/10\/7500431p3146EDNmainministarstvo-znanosti-i-obrazovanja-300x130.gif\" alt=\"\" width=\"222\" height=\"96\" \/><\/p>\n","protected":false},"excerpt":{"rendered":"<p>\u201eTriljski kraj = arheolo\u0161ki raj! Upoznajmo arheolo\u0161ku ba\u0161tinu svoga kraja\u201c Ministarstvo znanosti i obrazovanja Republike Hrvatske &#8211; Program popularizacije znanosti u 2017. godini Voditeljica programa: &hellip;<\/p>\n","protected":false},"author":2,"featured_media":0,"parent":0,"menu_order":0,"comment_status":"closed","ping_status":"closed","template":"","meta":{"footnotes":""},"class_list":["post-2106","page","type-page","status-publish","hentry"],"_links":{"self":[{"href":"https:\/\/arheo.ffzg.unizg.hr\/provincijalna\/index.php?rest_route=\/wp\/v2\/pages\/2106","targetHints":{"allow":["GET"]}}],"collection":[{"href":"https:\/\/arheo.ffzg.unizg.hr\/provincijalna\/index.php?rest_route=\/wp\/v2\/pages"}],"about":[{"href":"https:\/\/arheo.ffzg.unizg.hr\/provincijalna\/index.php?rest_route=\/wp\/v2\/types\/page"}],"author":[{"embeddable":true,"href":"https:\/\/arheo.ffzg.unizg.hr\/provincijalna\/index.php?rest_route=\/wp\/v2\/users\/2"}],"replies":[{"embeddable":true,"href":"https:\/\/arheo.ffzg.unizg.hr\/provincijalna\/index.php?rest_route=%2Fwp%2Fv2%2Fcomments&post=2106"}],"version-history":[{"count":13,"href":"https:\/\/arheo.ffzg.unizg.hr\/provincijalna\/index.php?rest_route=\/wp\/v2\/pages\/2106\/revisions"}],"predecessor-version":[{"id":2144,"href":"https:\/\/arheo.ffzg.unizg.hr\/provincijalna\/index.php?rest_route=\/wp\/v2\/pages\/2106\/revisions\/2144"}],"wp:attachment":[{"href":"https:\/\/arheo.ffzg.unizg.hr\/provincijalna\/index.php?rest_route=%2Fwp%2Fv2%2Fmedia&parent=2106"}],"curies":[{"name":"wp","href":"https:\/\/api.w.org\/{rel}","templated":true}]}}